{"id":392975,"date":"2025-09-21T18:15:17","date_gmt":"2025-09-21T16:15:17","guid":{"rendered":"https:\/\/maisoncleo.com\/?post_type=product&#038;p=392975"},"modified":"2025-09-21T18:50:51","modified_gmt":"2025-09-21T16:50:51","slug":"la-garnoule-chemise-en-coton-a-carreaux-rouge-marron-clair-et-beige-copy","status":"publish","type":"product","link":"https:\/\/maisoncleo.com\/fr\/shop\/la-garnoule-chemise-en-coton-a-carreaux-rouge-marron-clair-et-beige-copy\/","title":{"rendered":"LA GARNOULE &#8211; Chemise en coton \u00e0 carreaux \u00e9cru, beige, vert et bleu marine"},"content":{"rendered":"<p><span style=\"font-weight: 400;\">Notre premi\u00e8re chemise que nous avions h\u00e2te de vous pr\u00e9senter cette saison! Fabriqu\u00e9e dans un coton doux dans les tons \u00e9cru, beige, vert et bleu marine. Petit col chemise pointu, manches longues boutonn\u00e9es, poche avant, fermeture boutonn\u00e9e sur le devant, pli dans le milieu dos. A porter avec votre pair de jean pr\u00e9f\u00e9r\u00e9 ou avec notre jupe en laine noire. 100% coton. Longueur : 69 cm. <\/span><\/p>\n<p><span style=\"font-weight: 400;\">La mod\u00e8le mesure 1,75m et porte une taille 38.<\/span><\/p>\n<p><span style=\"font-weight: 400;\">Comme tout est fabriqu\u00e9 \u00e0 la commande, vous pouvez demander la longueur que vous souhaitez.<\/span><\/p>\n<p>LOOK de notre collection automne hiver \u201cLA GARNOULE\u201d.<\/p>\n","protected":false},"excerpt":{"rendered":"<p>Notre premi\u00e8re chemise que nous avions h\u00e2te de vous pr\u00e9senter cette saison! Fabriqu\u00e9e dans un coton doux dans les tons \u00e9cru, beige,&hellip;<\/p>\n","protected":false},"featured_media":392959,"template":"","meta":[],"product_brand":[],"product_cat":[668,674,661],"product_tag":[],"class_list":{"0":"post-392975","1":"product","2":"type-product","3":"status-publish","4":"has-post-thumbnail","6":"product_cat-capsule","7":"product_cat-tops","8":"product_cat-tout-voir","10":"first","11":"instock","12":"taxable","13":"shipping-taxable","14":"purchasable","15":"product-type-variable"},"_links":{"self":[{"href":"https:\/\/maisoncleo.com\/fr\/wp-json\/wp\/v2\/product\/392975","targetHints":{"allow":["GET"]}}],"collection":[{"href":"https:\/\/maisoncleo.com\/fr\/wp-json\/wp\/v2\/product"}],"about":[{"href":"https:\/\/maisoncleo.com\/fr\/wp-json\/wp\/v2\/types\/product"}],"version-history":[{"count":1,"href":"https:\/\/maisoncleo.com\/fr\/wp-json\/wp\/v2\/product\/392975\/revisions"}],"predecessor-version":[{"id":392989,"href":"https:\/\/maisoncleo.com\/fr\/wp-json\/wp\/v2\/product\/392975\/revisions\/392989"}],"wp:featuredmedia":[{"embeddable":true,"href":"https:\/\/maisoncleo.com\/fr\/wp-json\/wp\/v2\/media\/392959"}],"wp:attachment":[{"href":"https:\/\/maisoncleo.com\/fr\/wp-json\/wp\/v2\/media?parent=392975"}],"wp:term":[{"taxonomy":"product_brand","embeddable":true,"href":"https:\/\/maisoncleo.com\/fr\/wp-json\/wp\/v2\/product_brand?post=392975"},{"taxonomy":"product_cat","embeddable":true,"href":"https:\/\/maisoncleo.com\/fr\/wp-json\/wp\/v2\/product_cat?post=392975"},{"taxonomy":"product_tag","embeddable":true,"href":"https:\/\/maisoncleo.com\/fr\/wp-json\/wp\/v2\/product_tag?post=392975"}],"curies":[{"name":"wp","href":"https:\/\/api.w.org\/{rel}","templated":true}]}}