{"id":392858,"date":"2025-09-21T17:48:33","date_gmt":"2025-09-21T15:48:33","guid":{"rendered":"https:\/\/maisoncleo.com\/?post_type=product&#038;p=392858"},"modified":"2025-09-21T18:50:02","modified_gmt":"2025-09-21T16:50:02","slug":"la-garnoule-sac-a-main-en-velours-ras-motif-vache-copy","status":"publish","type":"product","link":"https:\/\/maisoncleo.com\/fr\/shop\/la-garnoule-sac-a-main-en-velours-ras-motif-vache-copy\/","title":{"rendered":"LA GARNOULE &#8211; Sac \u00e0 main baguette en velours ras tigr\u00e9 avec poches"},"content":{"rendered":"<p><span style=\"font-weight: 400;\">Sac \u00e0 main baguette en velours ras tigr\u00e9, deux poches sur chaque c\u00f4t\u00e9 ext\u00e9rieur du sac ferm\u00e9s par un bouton pression, sangle milieu \u00e0 fermer gr\u00e2ce \u00e0 un bouton pression, anses port\u00e9 \u00e9paule, un grand compartiment int\u00e9rieur et une poche int\u00e9rieure c\u00f4t\u00e9.<\/span><\/p>\n<p><span style=\"font-weight: 400;\">Largeur : 30 cm (poches c\u00f4t\u00e9s incluses), hauteur : 10 cm, profondeur : 11 cm, hauteur des anses : 27 cm, longueur des anses : 65 cm.<\/span><\/p>\n<p>LOOK de notre collection automne hiver \u201cLA GARNOULE\u201d.<\/p>\n","protected":false},"excerpt":{"rendered":"<p>Sac \u00e0 main baguette en velours ras tigr\u00e9, deux poches sur chaque c\u00f4t\u00e9 ext\u00e9rieur du sac ferm\u00e9s par un bouton pression, sangle&hellip;<\/p>\n","protected":false},"featured_media":392840,"template":"","meta":[],"product_brand":[],"product_cat":[651,668,652,661],"product_tag":[],"class_list":{"0":"post-392858","1":"product","2":"type-product","3":"status-publish","4":"has-post-thumbnail","6":"product_cat-accessoires","7":"product_cat-capsule","8":"product_cat-sacs","9":"product_cat-tout-voir","11":"first","12":"instock","13":"taxable","14":"shipping-taxable","15":"purchasable","16":"product-type-variable"},"_links":{"self":[{"href":"https:\/\/maisoncleo.com\/fr\/wp-json\/wp\/v2\/product\/392858","targetHints":{"allow":["GET"]}}],"collection":[{"href":"https:\/\/maisoncleo.com\/fr\/wp-json\/wp\/v2\/product"}],"about":[{"href":"https:\/\/maisoncleo.com\/fr\/wp-json\/wp\/v2\/types\/product"}],"version-history":[{"count":1,"href":"https:\/\/maisoncleo.com\/fr\/wp-json\/wp\/v2\/product\/392858\/revisions"}],"predecessor-version":[{"id":392872,"href":"https:\/\/maisoncleo.com\/fr\/wp-json\/wp\/v2\/product\/392858\/revisions\/392872"}],"wp:featuredmedia":[{"embeddable":true,"href":"https:\/\/maisoncleo.com\/fr\/wp-json\/wp\/v2\/media\/392840"}],"wp:attachment":[{"href":"https:\/\/maisoncleo.com\/fr\/wp-json\/wp\/v2\/media?parent=392858"}],"wp:term":[{"taxonomy":"product_brand","embeddable":true,"href":"https:\/\/maisoncleo.com\/fr\/wp-json\/wp\/v2\/product_brand?post=392858"},{"taxonomy":"product_cat","embeddable":true,"href":"https:\/\/maisoncleo.com\/fr\/wp-json\/wp\/v2\/product_cat?post=392858"},{"taxonomy":"product_tag","embeddable":true,"href":"https:\/\/maisoncleo.com\/fr\/wp-json\/wp\/v2\/product_tag?post=392858"}],"curies":[{"name":"wp","href":"https:\/\/api.w.org\/{rel}","templated":true}]}}