{"id":392373,"date":"2025-09-21T16:39:53","date_gmt":"2025-09-21T14:39:53","guid":{"rendered":"https:\/\/maisoncleo.com\/?post_type=product&#038;p=392373"},"modified":"2025-09-21T18:46:25","modified_gmt":"2025-09-21T16:46:25","slug":"la-garnoule-chemise-en-coton-a-carreaux-rouge-marron-clair-et-beige-copy-3","status":"publish","type":"product","link":"https:\/\/maisoncleo.com\/fr\/shop\/la-garnoule-chemise-en-coton-a-carreaux-rouge-marron-clair-et-beige-copy-3\/","title":{"rendered":"LA GARNOULE &#8211; Chemise boutonn\u00e9e en coton vichy gris clair"},"content":{"rendered":"<p><span style=\"font-weight: 400;\">Notre premi\u00e8re chemise que nous avions h\u00e2te de vous pr\u00e9senter cette saison! Fabriqu\u00e9e dans un coton vichy gris clair. Petit col chemise pointu, manches longues boutonn\u00e9es, poche avant, fermeture boutonn\u00e9e sur le devant, pli dans le milieu dos. A porter avec votre pair de jean pr\u00e9f\u00e9r\u00e9 ou avec notre jupe matelass\u00e9e vert et camel marron clair. 100% coton. Longueur : 69 cm. <\/span><\/p>\n<p><span style=\"font-weight: 400;\">La mod\u00e8le mesure 1,75m et porte une taille 38.<\/span><\/p>\n<p><span style=\"font-weight: 400;\">Comme tout est fabriqu\u00e9 \u00e0 la commande, vous pouvez demander la longueur que vous souhaitez.<\/span><\/p>\n<p>LOOK de notre collection automne hiver \u201cLA GARNOULE\u201d.<\/p>\n","protected":false},"excerpt":{"rendered":"<p>Notre premi\u00e8re chemise que nous avions h\u00e2te de vous pr\u00e9senter cette saison! Fabriqu\u00e9e dans un coton vichy gris clair. Petit col chemise&hellip;<\/p>\n","protected":false},"featured_media":392329,"template":"","meta":[],"product_brand":[],"product_cat":[668,674,661],"product_tag":[],"class_list":{"0":"post-392373","1":"product","2":"type-product","3":"status-publish","4":"has-post-thumbnail","6":"product_cat-capsule","7":"product_cat-tops","8":"product_cat-tout-voir","10":"first","11":"instock","12":"taxable","13":"shipping-taxable","14":"purchasable","15":"product-type-variable"},"_links":{"self":[{"href":"https:\/\/maisoncleo.com\/fr\/wp-json\/wp\/v2\/product\/392373","targetHints":{"allow":["GET"]}}],"collection":[{"href":"https:\/\/maisoncleo.com\/fr\/wp-json\/wp\/v2\/product"}],"about":[{"href":"https:\/\/maisoncleo.com\/fr\/wp-json\/wp\/v2\/types\/product"}],"version-history":[{"count":1,"href":"https:\/\/maisoncleo.com\/fr\/wp-json\/wp\/v2\/product\/392373\/revisions"}],"predecessor-version":[{"id":392387,"href":"https:\/\/maisoncleo.com\/fr\/wp-json\/wp\/v2\/product\/392373\/revisions\/392387"}],"wp:featuredmedia":[{"embeddable":true,"href":"https:\/\/maisoncleo.com\/fr\/wp-json\/wp\/v2\/media\/392329"}],"wp:attachment":[{"href":"https:\/\/maisoncleo.com\/fr\/wp-json\/wp\/v2\/media?parent=392373"}],"wp:term":[{"taxonomy":"product_brand","embeddable":true,"href":"https:\/\/maisoncleo.com\/fr\/wp-json\/wp\/v2\/product_brand?post=392373"},{"taxonomy":"product_cat","embeddable":true,"href":"https:\/\/maisoncleo.com\/fr\/wp-json\/wp\/v2\/product_cat?post=392373"},{"taxonomy":"product_tag","embeddable":true,"href":"https:\/\/maisoncleo.com\/fr\/wp-json\/wp\/v2\/product_tag?post=392373"}],"curies":[{"name":"wp","href":"https:\/\/api.w.org\/{rel}","templated":true}]}}