{"id":392120,"date":"2025-09-21T16:04:52","date_gmt":"2025-09-21T14:04:52","guid":{"rendered":"https:\/\/maisoncleo.com\/?post_type=product&#038;p=392120"},"modified":"2025-09-21T18:44:59","modified_gmt":"2025-09-21T16:44:59","slug":"la-garnoule-robe-mi-longue-tricotee-boutonnee-a-rayures-multicolores-copy-2","status":"publish","type":"product","link":"https:\/\/maisoncleo.com\/fr\/shop\/la-garnoule-robe-mi-longue-tricotee-boutonnee-a-rayures-multicolores-copy-2\/","title":{"rendered":"LA GARNOULE &#8211; Robe dos nu mi-longue motifs abstraits en coton jersey \u00e9pais"},"content":{"rendered":"<p><span style=\"font-weight: 400;\">Robe dos nu mi-longue motifs abstraits en coton jersey \u00e9pais, motifs pois asym\u00e9triques dans les tons de marron en jersey de coton, manches longues, lien \u00e0 nouer dans le haut du cou, fente c\u00f4t\u00e9. Tr\u00e8s agr\u00e9able \u00e0 porter! Longueur : 125 cm.<\/span><\/p>\n<p><span style=\"font-weight: 400;\">La mod\u00e8le mesure 1,75m et porte une taille 38.<\/span><\/p>\n<p><span style=\"font-weight: 400;\">Comme tout est fabriqu\u00e9 \u00e0 la commande, vous pouvez demander la longueur que vous souhaitez.<\/span><\/p>\n<p>LOOK de notre collection automne hiver \u201cLA GARNOULE\u201d.<\/p>\n","protected":false},"excerpt":{"rendered":"<p>Robe dos nu mi-longue motifs abstraits en coton jersey \u00e9pais, motifs pois asym\u00e9triques dans les tons de marron en jersey de coton,&hellip;<\/p>\n","protected":false},"featured_media":392142,"template":"","meta":[],"product_brand":[],"product_cat":[668,664,661],"product_tag":[],"class_list":{"0":"post-392120","1":"product","2":"type-product","3":"status-publish","4":"has-post-thumbnail","6":"product_cat-capsule","7":"product_cat-robes","8":"product_cat-tout-voir","10":"first","11":"instock","12":"taxable","13":"shipping-taxable","14":"purchasable","15":"product-type-variable"},"_links":{"self":[{"href":"https:\/\/maisoncleo.com\/fr\/wp-json\/wp\/v2\/product\/392120","targetHints":{"allow":["GET"]}}],"collection":[{"href":"https:\/\/maisoncleo.com\/fr\/wp-json\/wp\/v2\/product"}],"about":[{"href":"https:\/\/maisoncleo.com\/fr\/wp-json\/wp\/v2\/types\/product"}],"version-history":[{"count":1,"href":"https:\/\/maisoncleo.com\/fr\/wp-json\/wp\/v2\/product\/392120\/revisions"}],"predecessor-version":[{"id":392150,"href":"https:\/\/maisoncleo.com\/fr\/wp-json\/wp\/v2\/product\/392120\/revisions\/392150"}],"wp:featuredmedia":[{"embeddable":true,"href":"https:\/\/maisoncleo.com\/fr\/wp-json\/wp\/v2\/media\/392142"}],"wp:attachment":[{"href":"https:\/\/maisoncleo.com\/fr\/wp-json\/wp\/v2\/media?parent=392120"}],"wp:term":[{"taxonomy":"product_brand","embeddable":true,"href":"https:\/\/maisoncleo.com\/fr\/wp-json\/wp\/v2\/product_brand?post=392120"},{"taxonomy":"product_cat","embeddable":true,"href":"https:\/\/maisoncleo.com\/fr\/wp-json\/wp\/v2\/product_cat?post=392120"},{"taxonomy":"product_tag","embeddable":true,"href":"https:\/\/maisoncleo.com\/fr\/wp-json\/wp\/v2\/product_tag?post=392120"}],"curies":[{"name":"wp","href":"https:\/\/api.w.org\/{rel}","templated":true}]}}