{"id":392097,"date":"2025-09-21T16:01:22","date_gmt":"2025-09-21T14:01:22","guid":{"rendered":"https:\/\/maisoncleo.com\/?post_type=product&#038;p=392097"},"modified":"2025-09-21T18:44:46","modified_gmt":"2025-09-21T16:44:46","slug":"la-garnoule-blouse-gloria-en-soie-noire-texturee-et-reliefee-copy","status":"publish","type":"product","link":"https:\/\/maisoncleo.com\/fr\/shop\/la-garnoule-blouse-gloria-en-soie-noire-texturee-et-reliefee-copy\/","title":{"rendered":"LA GARNOULE &#8211; Blouse Dalila en coton noir avec broderies"},"content":{"rendered":"<p><span style=\"font-weight: 400;\">Blouse Dalida en coton noir batiste l\u00e9ger agr\u00e9ment\u00e9e de d\u00e9coupes en dentelles fran\u00e7aises vintage noires, manches bouffantes trois quarts, col rond agr\u00e9ment\u00e9 de dentelle, fermetures avec trois liens sur le devant. Longueur : 50 cm. Dentelles uniques vintage provenant d\u2019un stock fran\u00e7ais destock\u00e9 du Nord de la France. Tissu l\u00e9ger et doux.<\/span><\/p>\n<p><span style=\"font-weight: 400;\">La mod\u00e8le mesure 1,75m et porte une taille 38.<\/span><\/p>\n<p><span style=\"font-weight: 400;\">Comme tout est fabriqu\u00e9 \u00e0 la commande, vous pouvez demander la longueur que vous souhaitez.<\/span><\/p>\n<p>LOOK de notre collection automne hiver \u201cLA GARNOULE\u201d.<\/p>\n","protected":false},"excerpt":{"rendered":"<p>Blouse Dalida en coton noir batiste l\u00e9ger agr\u00e9ment\u00e9e de d\u00e9coupes en dentelles fran\u00e7aises vintage noires, manches bouffantes trois quarts, col rond agr\u00e9ment\u00e9&hellip;<\/p>\n","protected":false},"featured_media":392083,"template":"","meta":[],"product_brand":[],"product_cat":[663,668,674,661],"product_tag":[],"class_list":{"0":"post-392097","1":"product","2":"type-product","3":"status-publish","4":"has-post-thumbnail","6":"product_cat-blouses","7":"product_cat-capsule","8":"product_cat-tops","9":"product_cat-tout-voir","11":"first","12":"instock","13":"taxable","14":"shipping-taxable","15":"purchasable","16":"product-type-variable"},"_links":{"self":[{"href":"https:\/\/maisoncleo.com\/fr\/wp-json\/wp\/v2\/product\/392097","targetHints":{"allow":["GET"]}}],"collection":[{"href":"https:\/\/maisoncleo.com\/fr\/wp-json\/wp\/v2\/product"}],"about":[{"href":"https:\/\/maisoncleo.com\/fr\/wp-json\/wp\/v2\/types\/product"}],"version-history":[{"count":1,"href":"https:\/\/maisoncleo.com\/fr\/wp-json\/wp\/v2\/product\/392097\/revisions"}],"predecessor-version":[{"id":392111,"href":"https:\/\/maisoncleo.com\/fr\/wp-json\/wp\/v2\/product\/392097\/revisions\/392111"}],"wp:featuredmedia":[{"embeddable":true,"href":"https:\/\/maisoncleo.com\/fr\/wp-json\/wp\/v2\/media\/392083"}],"wp:attachment":[{"href":"https:\/\/maisoncleo.com\/fr\/wp-json\/wp\/v2\/media?parent=392097"}],"wp:term":[{"taxonomy":"product_brand","embeddable":true,"href":"https:\/\/maisoncleo.com\/fr\/wp-json\/wp\/v2\/product_brand?post=392097"},{"taxonomy":"product_cat","embeddable":true,"href":"https:\/\/maisoncleo.com\/fr\/wp-json\/wp\/v2\/product_cat?post=392097"},{"taxonomy":"product_tag","embeddable":true,"href":"https:\/\/maisoncleo.com\/fr\/wp-json\/wp\/v2\/product_tag?post=392097"}],"curies":[{"name":"wp","href":"https:\/\/api.w.org\/{rel}","templated":true}]}}