{"id":391706,"date":"2025-09-21T14:48:09","date_gmt":"2025-09-21T12:48:09","guid":{"rendered":"https:\/\/maisoncleo.com\/?post_type=product&#038;p=391706"},"modified":"2025-09-21T18:42:21","modified_gmt":"2025-09-21T16:42:21","slug":"la-garnoule-robe-trapeze-en-laine-orange-automnal-copy","status":"publish","type":"product","link":"https:\/\/maisoncleo.com\/fr\/shop\/la-garnoule-robe-trapeze-en-laine-orange-automnal-copy\/","title":{"rendered":"LA GARNOULE &#8211; Robe en tweed de laine et coton trap\u00e8ze"},"content":{"rendered":"<p><span style=\"font-weight: 400;\">Robe en tweed m\u00e9lange de laine et coton coupe trap\u00e8ze, fermeture par de large boutons marrons sur le devant, poches c\u00f4t\u00e9 arrondies, d\u00e9collet\u00e9 en carr\u00e9. Le tissu provient d\u2019une Maison de Couture fran\u00e7aise. La robe 70\u2019s! Vous pouvez la porter telle quelle ou en enfilant votre sweat col roul\u00e9 favori par dessous. Longueur : 76 cm.<\/span><\/p>\n<p><span style=\"font-weight: 400;\">La mod\u00e8le mesure 1,75m et porte une taille 38.<\/span><\/p>\n<p><span style=\"font-weight: 400;\">Comme tout est fabriqu\u00e9 \u00e0 la commande, vous pouvez demander la longueur que vous souhaitez.<\/span><\/p>\n<p>LOOK de notre collection automne hiver \u201cLA GARNOULE\u201d.<\/p>\n","protected":false},"excerpt":{"rendered":"<p>Robe en tweed m\u00e9lange de laine et coton coupe trap\u00e8ze, fermeture par de large boutons marrons sur le devant, poches c\u00f4t\u00e9 arrondies,&hellip;<\/p>\n","protected":false},"featured_media":391718,"template":"","meta":[],"product_brand":[],"product_cat":[668,664,661],"product_tag":[],"class_list":{"0":"post-391706","1":"product","2":"type-product","3":"status-publish","4":"has-post-thumbnail","6":"product_cat-capsule","7":"product_cat-robes","8":"product_cat-tout-voir","10":"first","11":"instock","12":"taxable","13":"shipping-taxable","14":"purchasable","15":"product-type-variable"},"_links":{"self":[{"href":"https:\/\/maisoncleo.com\/fr\/wp-json\/wp\/v2\/product\/391706","targetHints":{"allow":["GET"]}}],"collection":[{"href":"https:\/\/maisoncleo.com\/fr\/wp-json\/wp\/v2\/product"}],"about":[{"href":"https:\/\/maisoncleo.com\/fr\/wp-json\/wp\/v2\/types\/product"}],"version-history":[{"count":1,"href":"https:\/\/maisoncleo.com\/fr\/wp-json\/wp\/v2\/product\/391706\/revisions"}],"predecessor-version":[{"id":391728,"href":"https:\/\/maisoncleo.com\/fr\/wp-json\/wp\/v2\/product\/391706\/revisions\/391728"}],"wp:featuredmedia":[{"embeddable":true,"href":"https:\/\/maisoncleo.com\/fr\/wp-json\/wp\/v2\/media\/391718"}],"wp:attachment":[{"href":"https:\/\/maisoncleo.com\/fr\/wp-json\/wp\/v2\/media?parent=391706"}],"wp:term":[{"taxonomy":"product_brand","embeddable":true,"href":"https:\/\/maisoncleo.com\/fr\/wp-json\/wp\/v2\/product_brand?post=391706"},{"taxonomy":"product_cat","embeddable":true,"href":"https:\/\/maisoncleo.com\/fr\/wp-json\/wp\/v2\/product_cat?post=391706"},{"taxonomy":"product_tag","embeddable":true,"href":"https:\/\/maisoncleo.com\/fr\/wp-json\/wp\/v2\/product_tag?post=391706"}],"curies":[{"name":"wp","href":"https:\/\/api.w.org\/{rel}","templated":true}]}}