{"id":391627,"date":"2025-09-21T14:34:09","date_gmt":"2025-09-21T12:34:09","guid":{"rendered":"https:\/\/maisoncleo.com\/?post_type=product&#038;p=391627"},"modified":"2025-09-21T18:41:50","modified_gmt":"2025-09-21T16:41:50","slug":"la-garnoule-manteau-en-laine-camel-brandebourg-et-fausse-fourrure-mouton-boucle-copy-3","status":"publish","type":"product","link":"https:\/\/maisoncleo.com\/fr\/shop\/la-garnoule-manteau-en-laine-camel-brandebourg-et-fausse-fourrure-mouton-boucle-copy-3\/","title":{"rendered":"LA GARNOULE &#8211; Manteau Gladez Prince de Galles avec fausse fourrure boucl\u00e9 orange et marron clair"},"content":{"rendered":"<p><span style=\"font-weight: 400;\">Manteau mi-long en laine douce Prince de Galles dans les tons noir, vert fonc\u00e9, orange et beige. Fausse fourrure boucl\u00e9e orange et marron clair, confortable et douce. Coupe ajust\u00e9e, fermeture par des crochets sur le devant. Longueur : 102 cm.<\/span><\/p>\n<p><span style=\"font-weight: 400;\">La mod\u00e8le mesure 1,75m et porte une taille 38.<\/span><\/p>\n<p><span style=\"font-weight: 400;\">Comme tout est fabriqu\u00e9 \u00e0 la commande, vous pouvez demander la longueur que vous souhaitez.<\/span><\/p>\n<p>LOOK de notre collection automne hiver \u201cLA GARNOULE\u201d.<\/p>\n","protected":false},"excerpt":{"rendered":"<p>Manteau mi-long en laine douce Prince de Galles dans les tons noir, vert fonc\u00e9, orange et beige. Fausse fourrure boucl\u00e9e orange et&hellip;<\/p>\n","protected":false},"featured_media":391605,"template":"","meta":[],"product_brand":[],"product_cat":[668,661,665],"product_tag":[],"class_list":{"0":"post-391627","1":"product","2":"type-product","3":"status-publish","4":"has-post-thumbnail","6":"product_cat-capsule","7":"product_cat-tout-voir","8":"product_cat-vestes-manteaux","10":"first","11":"instock","12":"taxable","13":"shipping-taxable","14":"purchasable","15":"product-type-variable"},"_links":{"self":[{"href":"https:\/\/maisoncleo.com\/fr\/wp-json\/wp\/v2\/product\/391627","targetHints":{"allow":["GET"]}}],"collection":[{"href":"https:\/\/maisoncleo.com\/fr\/wp-json\/wp\/v2\/product"}],"about":[{"href":"https:\/\/maisoncleo.com\/fr\/wp-json\/wp\/v2\/types\/product"}],"version-history":[{"count":1,"href":"https:\/\/maisoncleo.com\/fr\/wp-json\/wp\/v2\/product\/391627\/revisions"}],"predecessor-version":[{"id":391643,"href":"https:\/\/maisoncleo.com\/fr\/wp-json\/wp\/v2\/product\/391627\/revisions\/391643"}],"wp:featuredmedia":[{"embeddable":true,"href":"https:\/\/maisoncleo.com\/fr\/wp-json\/wp\/v2\/media\/391605"}],"wp:attachment":[{"href":"https:\/\/maisoncleo.com\/fr\/wp-json\/wp\/v2\/media?parent=391627"}],"wp:term":[{"taxonomy":"product_brand","embeddable":true,"href":"https:\/\/maisoncleo.com\/fr\/wp-json\/wp\/v2\/product_brand?post=391627"},{"taxonomy":"product_cat","embeddable":true,"href":"https:\/\/maisoncleo.com\/fr\/wp-json\/wp\/v2\/product_cat?post=391627"},{"taxonomy":"product_tag","embeddable":true,"href":"https:\/\/maisoncleo.com\/fr\/wp-json\/wp\/v2\/product_tag?post=391627"}],"curies":[{"name":"wp","href":"https:\/\/api.w.org\/{rel}","templated":true}]}}