{"id":391473,"date":"2025-09-21T13:57:09","date_gmt":"2025-09-21T11:57:09","guid":{"rendered":"https:\/\/maisoncleo.com\/?post_type=product&#038;p=391473"},"modified":"2025-11-30T17:51:56","modified_gmt":"2025-11-30T15:51:56","slug":"la-garnoule-jupe-en-laine-marron-camel-brandebourg-trapeze-copy-2","status":"publish","type":"product","link":"https:\/\/maisoncleo.com\/fr\/shop\/la-garnoule-jupe-en-laine-marron-camel-brandebourg-trapeze-copy-2\/","title":{"rendered":"LA GARNOULE &#8211; Manteau en laine camel Brandebourg et fausse fourrure mouton boucl\u00e9"},"content":{"rendered":"<p><span style=\"font-weight: 400;\">Manteau en laine camel Brandebourg et fausse fourrure mouton boucl\u00e9, manches longues, fausse fourrure marron mouton boucl\u00e9 sur le bas des manches et le contour du manteau. Grand col amovible sur les \u00e9paules enlevable avec des boutons pressions. La laine et la fausse fourrure viennent d\u2019une grande Maison de Couture fran\u00e7aise. Laine douce et \u00e9paisse. 100% laine. Longueur : 65 cm.<\/span><\/p>\n<p><span style=\"font-weight: 400;\">La mod\u00e8le mesure 1,75m et porte une taille 38.<\/span><\/p>\n<p><span style=\"font-weight: 400;\">Comme tout est fabriqu\u00e9 \u00e0 la commande, vous pouvez demander la longueur que vous souhaitez.<\/span><\/p>\n<p>LOOK de notre collection automne hiver \u201cLA GARNOULE\u201d.<\/p>\n","protected":false},"excerpt":{"rendered":"<p>Manteau en laine camel Brandebourg et fausse fourrure mouton boucl\u00e9, manches longues, fausse fourrure marron mouton boucl\u00e9 sur le bas des manches&hellip;<\/p>\n","protected":false},"featured_media":391447,"template":"","meta":[],"product_brand":[],"product_cat":[668,661,665],"product_tag":[],"class_list":{"0":"post-391473","1":"product","2":"type-product","3":"status-publish","4":"has-post-thumbnail","6":"product_cat-capsule","7":"product_cat-tout-voir","8":"product_cat-vestes-manteaux","10":"first","11":"instock","12":"taxable","13":"shipping-taxable","14":"purchasable","15":"product-type-variable"},"_links":{"self":[{"href":"https:\/\/maisoncleo.com\/fr\/wp-json\/wp\/v2\/product\/391473","targetHints":{"allow":["GET"]}}],"collection":[{"href":"https:\/\/maisoncleo.com\/fr\/wp-json\/wp\/v2\/product"}],"about":[{"href":"https:\/\/maisoncleo.com\/fr\/wp-json\/wp\/v2\/types\/product"}],"version-history":[{"count":1,"href":"https:\/\/maisoncleo.com\/fr\/wp-json\/wp\/v2\/product\/391473\/revisions"}],"predecessor-version":[{"id":391488,"href":"https:\/\/maisoncleo.com\/fr\/wp-json\/wp\/v2\/product\/391473\/revisions\/391488"}],"wp:featuredmedia":[{"embeddable":true,"href":"https:\/\/maisoncleo.com\/fr\/wp-json\/wp\/v2\/media\/391447"}],"wp:attachment":[{"href":"https:\/\/maisoncleo.com\/fr\/wp-json\/wp\/v2\/media?parent=391473"}],"wp:term":[{"taxonomy":"product_brand","embeddable":true,"href":"https:\/\/maisoncleo.com\/fr\/wp-json\/wp\/v2\/product_brand?post=391473"},{"taxonomy":"product_cat","embeddable":true,"href":"https:\/\/maisoncleo.com\/fr\/wp-json\/wp\/v2\/product_cat?post=391473"},{"taxonomy":"product_tag","embeddable":true,"href":"https:\/\/maisoncleo.com\/fr\/wp-json\/wp\/v2\/product_tag?post=391473"}],"curies":[{"name":"wp","href":"https:\/\/api.w.org\/{rel}","templated":true}]}}