{"id":388135,"date":"2025-06-18T11:55:14","date_gmt":"2025-06-18T09:55:15","guid":{"rendered":"https:\/\/maisoncleo.com\/?post_type=product&#038;p=388135"},"modified":"2026-02-01T21:07:45","modified_gmt":"2026-02-01T19:07:45","slug":"la-gatee-robe-ballon-en-coton-beige-decollete-demi-lune-copy","status":"publish","type":"product","link":"https:\/\/maisoncleo.com\/fr\/shop\/la-gatee-robe-ballon-en-coton-beige-decollete-demi-lune-copy\/","title":{"rendered":"LA G\u00c2T\u00c9E &#8211; Robe Morane en coton \u00e0 carreaux rouge avec broderies cerises"},"content":{"rendered":"<p><span style=\"font-weight: 400;\">Robe Morane en coton \u00e0 carreaux rouge, manches courtes bouffantes \u00e9lastiques, d\u00e9collet\u00e9 se fermant avec un lien dans le haut du d\u00e9collet\u00e9, d\u00e9coupe au niveau de la poitrine. Coupe ajust\u00e9e et fluide dans le bas avec une finition en broderies de cerises et broderies beiges. Fermeture \u00e9clair invisible dans le dos. <\/span><span style=\"font-weight: 400;\">La mod\u00e8le mesure 1m73 et porte une taille S\/36.<\/span><\/p>\n<p><span style=\"font-weight: 400;\">Look faisant partie de notre d\u00e9fil\u00e9 printemps-\u00e9t\u00e9 2025 \u201cLa G\u00e2t\u00e9e\u201d pr\u00e9sent\u00e9 \u00e0 Marseille le 9 Juin lors de la Slow Fashion Week, ode au Sud de la France et \u00e0 l\u2019esprit proven\u00e7al. <\/span><\/p>\n","protected":false},"excerpt":{"rendered":"<p>Robe Morane en coton \u00e0 carreaux rouge, manches courtes bouffantes \u00e9lastiques, d\u00e9collet\u00e9 se fermant avec un lien dans le haut du d\u00e9collet\u00e9,&hellip;<\/p>\n","protected":false},"featured_media":388145,"template":"","meta":[],"product_brand":[],"product_cat":[671,668,664,661],"product_tag":[],"class_list":{"0":"post-388135","1":"product","2":"type-product","3":"status-publish","4":"has-post-thumbnail","6":"product_cat-defiles","7":"product_cat-capsule","8":"product_cat-robes","9":"product_cat-tout-voir","11":"first","12":"instock","13":"taxable","14":"shipping-taxable","15":"purchasable","16":"product-type-variable"},"_links":{"self":[{"href":"https:\/\/maisoncleo.com\/fr\/wp-json\/wp\/v2\/product\/388135","targetHints":{"allow":["GET"]}}],"collection":[{"href":"https:\/\/maisoncleo.com\/fr\/wp-json\/wp\/v2\/product"}],"about":[{"href":"https:\/\/maisoncleo.com\/fr\/wp-json\/wp\/v2\/types\/product"}],"version-history":[{"count":1,"href":"https:\/\/maisoncleo.com\/fr\/wp-json\/wp\/v2\/product\/388135\/revisions"}],"predecessor-version":[{"id":388171,"href":"https:\/\/maisoncleo.com\/fr\/wp-json\/wp\/v2\/product\/388135\/revisions\/388171"}],"wp:featuredmedia":[{"embeddable":true,"href":"https:\/\/maisoncleo.com\/fr\/wp-json\/wp\/v2\/media\/388145"}],"wp:attachment":[{"href":"https:\/\/maisoncleo.com\/fr\/wp-json\/wp\/v2\/media?parent=388135"}],"wp:term":[{"taxonomy":"product_brand","embeddable":true,"href":"https:\/\/maisoncleo.com\/fr\/wp-json\/wp\/v2\/product_brand?post=388135"},{"taxonomy":"product_cat","embeddable":true,"href":"https:\/\/maisoncleo.com\/fr\/wp-json\/wp\/v2\/product_cat?post=388135"},{"taxonomy":"product_tag","embeddable":true,"href":"https:\/\/maisoncleo.com\/fr\/wp-json\/wp\/v2\/product_tag?post=388135"}],"curies":[{"name":"wp","href":"https:\/\/api.w.org\/{rel}","templated":true}]}}