{"id":386175,"date":"2025-06-01T17:40:42","date_gmt":"2025-06-01T15:40:42","guid":{"rendered":"https:\/\/maisoncleo.com\/?post_type=product&#038;p=386175"},"modified":"2026-04-25T15:02:55","modified_gmt":"2026-04-25T13:02:55","slug":"sac-cabas-en-fausse-fourrure-marron-copy","status":"publish","type":"product","link":"https:\/\/maisoncleo.com\/fr\/shop\/sac-cabas-en-fausse-fourrure-marron-copy\/","title":{"rendered":"Sac \u00e0 main l\u00e9opard x Thomsen"},"content":{"rendered":"<p>A lire avant d&rsquo;acheter = Le sac original avec les produits offerts est sold out. Il sera fait \u00e0 partir de maintenant dans le nouveau tissu l\u00e9opard similaire visible sur les 3 derni\u00e8res photos &lt;3 sans les produits de beaut\u00e9. Ce nouveau tissu est un tissu jacquard et est fabriqu\u00e9 en France.<\/p>\n<p>&#8212;-<\/p>\n<p>Notre excitante collaboration de l&rsquo;\u00e9t\u00e9!<\/p>\n<p>Nous collaborons de nouveau cette ann\u00e9e avec la marque fran\u00e7aise de produits de beaut\u00e9 Thomsen, marque de Micha\u00ebla et Emelie Thomsen. Tous leurs produits sont \u00e9labor\u00e9s en France, 100% naturels et non toxiques.<\/p>\n<p>Notre collaboration de l&rsquo;\u00e9t\u00e9 est compos\u00e9e de :<\/p>\n<ul>\n<li>Notre sac l\u00e9opard exclusif sp\u00e9cialement fait pour la collaboration, \u00e9labor\u00e9 main dans la main avec Micha\u00ebla et Emelie. Deux anses, un grand compartiment, une poche int\u00e9rieure, doubl\u00e9 en noir, fermeture par un bouton pression sur le devant.<\/li>\n<li>Le produit \u00ab\u00a0Brume\u00a0\u00bb : Compos\u00e9e d\u2019une eau min\u00e9rale associ\u00e9e \u00e0 trois hydrolats rafra\u00eechissants et dynamisants, le N\u00e9roli, le Basilic et la Menthe verte, Brume r\u00e9\u00e9quilibre le pH de la peau. Enrichie en Acide Hyaluronique et en Glyc\u00e9rine v\u00e9g\u00e9tale, elle hydrate en profondeur et renforce la fonction barri\u00e8re de l\u2019\u00e9piderme. Enfin, sa formulation int\u00e8gre des extraits concentr\u00e9s de p\u00e2querettes \u00e0 l\u2019action anti-\u00e2ge et illuminatrice. Prix de vente normal : 59,00 euros.<\/li>\n<li>Le produit \u00ab\u00a0Rivage\u00a0\u00bb : Un masque effet peau neuve, formul\u00e9 \u00e0 partir d\u2019un complexe innovant qui stimule le renouvellement cellulaire et booste l\u2019\u00e9clat de votre peau. Sa texture fondante concentr\u00e9e en actifs naturels, d\u00e9fatigue, uniformise et illumine votre teint d\u00e8s le rin\u00e7age. Vendu avec son applicateur en quartz rose, pierre semi-pr\u00e9cieuse connue pour ses vertus anti-\u00e2ge et calmantes. Prix de vente normal : 59,00 euros.<\/li>\n<\/ul>\n","protected":false},"excerpt":{"rendered":"<p>A lire avant d&rsquo;acheter = Le sac original avec les produits offerts est sold out. Il sera fait \u00e0 partir de maintenant&hellip;<\/p>\n","protected":false},"featured_media":386208,"template":"","meta":[],"product_brand":[],"product_cat":[651,668,652,661],"product_tag":[],"class_list":{"0":"post-386175","1":"product","2":"type-product","3":"status-publish","4":"has-post-thumbnail","6":"product_cat-accessoires","7":"product_cat-capsule","8":"product_cat-sacs","9":"product_cat-tout-voir","11":"first","12":"instock","13":"taxable","14":"shipping-taxable","15":"purchasable","16":"product-type-variable","17":"has-default-attributes"},"_links":{"self":[{"href":"https:\/\/maisoncleo.com\/fr\/wp-json\/wp\/v2\/product\/386175","targetHints":{"allow":["GET"]}}],"collection":[{"href":"https:\/\/maisoncleo.com\/fr\/wp-json\/wp\/v2\/product"}],"about":[{"href":"https:\/\/maisoncleo.com\/fr\/wp-json\/wp\/v2\/types\/product"}],"version-history":[{"count":4,"href":"https:\/\/maisoncleo.com\/fr\/wp-json\/wp\/v2\/product\/386175\/revisions"}],"predecessor-version":[{"id":398545,"href":"https:\/\/maisoncleo.com\/fr\/wp-json\/wp\/v2\/product\/386175\/revisions\/398545"}],"wp:featuredmedia":[{"embeddable":true,"href":"https:\/\/maisoncleo.com\/fr\/wp-json\/wp\/v2\/media\/386208"}],"wp:attachment":[{"href":"https:\/\/maisoncleo.com\/fr\/wp-json\/wp\/v2\/media?parent=386175"}],"wp:term":[{"taxonomy":"product_brand","embeddable":true,"href":"https:\/\/maisoncleo.com\/fr\/wp-json\/wp\/v2\/product_brand?post=386175"},{"taxonomy":"product_cat","embeddable":true,"href":"https:\/\/maisoncleo.com\/fr\/wp-json\/wp\/v2\/product_cat?post=386175"},{"taxonomy":"product_tag","embeddable":true,"href":"https:\/\/maisoncleo.com\/fr\/wp-json\/wp\/v2\/product_tag?post=386175"}],"curies":[{"name":"wp","href":"https:\/\/api.w.org\/{rel}","templated":true}]}}