{"id":370050,"date":"2024-09-10T13:17:31","date_gmt":"2024-09-10T18:24:31","guid":{"rendered":"https:\/\/maisoncleo.com\/\/?post_type=product&#038;p=370050"},"modified":"2024-12-09T22:01:45","modified_gmt":"2024-12-09T20:01:45","slug":"le-pack-midinette-maisoncleo-x-yolaine-paris-blouse-daphnee-baume-brioche-chouchou","status":"publish","type":"product","link":"https:\/\/maisoncleo.com\/fr\/shop\/le-pack-midinette-maisoncleo-x-yolaine-paris-blouse-daphnee-baume-brioche-chouchou\/","title":{"rendered":"\u201cLe Pack Midinette \u201d MAISONCL\u00c9O x YOLAINE PARIS : Blouse Daphnee + baume Brioche + chouchou"},"content":{"rendered":"<p><span style=\"font-family: arial, sans-serif;\">R\u00e9unies une nouvelle fois avec Camille Yolaine et sa marque Yolaine Paris pour la cr\u00e9ation de trois nouveaux packs!<\/span><\/p>\n<div>\n<p><span style=\"font-family: arial, sans-serif;\">Le <span class=\"il\">pack<\/span> Midinette e<\/span><span style=\"font-family: arial, sans-serif;\">st compos\u00e9 de :<\/span><\/p>\n<ul>\n<li><span style=\"font-family: arial, sans-serif;\">\u2013 La blouse Daphnee en coton blanc et dentelle broderies de Calais avec col dentell\u00e9 et grosses fleurs. Col Claudine, bords p\u00e9tales en dentelle. Trois liens sur le devant. Manches bouffantes, bords dentelle en fleurs.<\/span><span style=\"font-family: arial, sans-serif;\">\u00c0 croquer!<\/span><\/li>\n<li><span style=\"font-family: arial, sans-serif;\">\u2013 Le baume \u201cBrioche\u201d.\u00a0Brioche est un brin sophistiqu\u00e9\u00a0dont vos l\u00e8vres comme vos pommettes ne pourront bient\u00f4t plus se passer. Elle est fabriqu\u00e9e en Italie. Elle est vegan et non test\u00e9e sur les animaux. Pour un effet p\u00e9tale, pr\u00e9levez un tout petit peu de couleur en tapotant sur l\u2019embout.\u00a0<\/span><\/li>\n<li><span style=\"font-family: arial, sans-serif;\">\u2013 L&rsquo;accessoire cheveux : Nous avons fait un chouchou en coton blanc bord\u00e9 de dentelle fleurie pour aller avec la blouse.<\/span><\/li>\n<\/ul>\n<p><span style=\"font-family: arial, sans-serif;\">Le \u201c<span class=\"il\">pack<\/span>\u00a0Midinette\u201d est limit\u00e9 \u00e0 15 unit\u00e9s.<\/span><\/p>\n<\/div>\n","protected":false},"excerpt":{"rendered":"<p>R\u00e9unies une nouvelle fois avec Camille Yolaine et sa marque Yolaine Paris pour la cr\u00e9ation de trois nouveaux packs! Le pack Midinette&hellip;<\/p>\n","protected":false},"featured_media":358905,"template":"","meta":[],"product_brand":[],"product_cat":[663,668,661],"product_tag":[],"class_list":{"0":"post-370050","1":"product","2":"type-product","3":"status-publish","4":"has-post-thumbnail","6":"product_cat-blouses","7":"product_cat-capsule","8":"product_cat-tout-voir","9":"pa_taille-l-40-2","10":"pa_taille-m-38-2","11":"pa_taille-s-36-2","12":"pa_taille-sur-mesure-fr-2","13":"pa_taille-xl-42-fr-2","14":"pa_taille-xs-34-2","16":"first","17":"instock","18":"taxable","19":"shipping-taxable","20":"purchasable","21":"product-type-variable"},"_links":{"self":[{"href":"https:\/\/maisoncleo.com\/fr\/wp-json\/wp\/v2\/product\/370050","targetHints":{"allow":["GET"]}}],"collection":[{"href":"https:\/\/maisoncleo.com\/fr\/wp-json\/wp\/v2\/product"}],"about":[{"href":"https:\/\/maisoncleo.com\/fr\/wp-json\/wp\/v2\/types\/product"}],"version-history":[{"count":1,"href":"https:\/\/maisoncleo.com\/fr\/wp-json\/wp\/v2\/product\/370050\/revisions"}],"predecessor-version":[{"id":370099,"href":"https:\/\/maisoncleo.com\/fr\/wp-json\/wp\/v2\/product\/370050\/revisions\/370099"}],"wp:featuredmedia":[{"embeddable":true,"href":"https:\/\/maisoncleo.com\/fr\/wp-json\/wp\/v2\/media\/358905"}],"wp:attachment":[{"href":"https:\/\/maisoncleo.com\/fr\/wp-json\/wp\/v2\/media?parent=370050"}],"wp:term":[{"taxonomy":"product_brand","embeddable":true,"href":"https:\/\/maisoncleo.com\/fr\/wp-json\/wp\/v2\/product_brand?post=370050"},{"taxonomy":"product_cat","embeddable":true,"href":"https:\/\/maisoncleo.com\/fr\/wp-json\/wp\/v2\/product_cat?post=370050"},{"taxonomy":"product_tag","embeddable":true,"href":"https:\/\/maisoncleo.com\/fr\/wp-json\/wp\/v2\/product_tag?post=370050"}],"curies":[{"name":"wp","href":"https:\/\/api.w.org\/{rel}","templated":true}]}}