{"id":368051,"date":"2024-09-10T10:59:33","date_gmt":"2024-09-10T17:20:24","guid":{"rendered":"https:\/\/maisoncleo.com\/\/?post_type=product&#038;p=368051"},"modified":"2024-09-10T21:27:19","modified_gmt":"2024-09-10T19:27:19","slug":"la-badoule-look-6-sac-la-badoule-en-soie-irise-beige-volante","status":"publish","type":"product","link":"https:\/\/maisoncleo.com\/fr\/shop\/la-badoule-look-6-sac-la-badoule-en-soie-irise-beige-volante\/","title":{"rendered":"LA BADOULE LOOK 6 &#8211; Sac LA BADOULE en soie iris\u00e9 beige volant\u00e9"},"content":{"rendered":"<p>Sac en soie iris\u00e9 beige volant\u00e9.<\/p>\n<p>Sac baguette, fermeture \u00e9clair, forme arrondie, bande de volants dans le bas, large anse doubl\u00e9e avec un tissu blanc en vynil, boucle d\u00e9corative sur la anse, deux grigris fleurs en noix de coco.<\/p>\n<p>Lien sur le c\u00f4t\u00e9 du sac pour accrocher votre porte cl\u00e9s La Badoule de la couleur de votre choix.<\/p>\n<p>Enti\u00e8rement doubl\u00e9 avec un tissu blanc en vynil. Petite poche int\u00e9rieure.<\/p>\n<p>Longueur : 33 cm \/ Hauteur : 13 cm \/ Longueur de la anse : 56 cm. Profondeur : 7 cm.<\/p>\n<p>LOOK 4 de notre pr\u00e9 collection printemps \u00e9t\u00e9 \u00ab\u00a0LA BADOULE\u00a0\u00bb.<\/p>\n","protected":false},"excerpt":{"rendered":"<p>Sac en soie iris\u00e9 beige volant\u00e9. Sac baguette, fermeture \u00e9clair, forme arrondie, bande de volants dans le bas, large anse doubl\u00e9e avec&hellip;<\/p>\n","protected":false},"featured_media":355540,"template":"","meta":[],"product_brand":[],"product_cat":[651,668,652,661],"product_tag":[],"class_list":{"0":"post-368051","1":"product","2":"type-product","3":"status-publish","4":"has-post-thumbnail","6":"product_cat-accessoires","7":"product_cat-capsule","8":"product_cat-sacs","9":"product_cat-tout-voir","10":"pa_taille-l-40-2","11":"pa_taille-m-38-2","12":"pa_taille-s-36-2","13":"pa_taille-sur-mesure-fr-2","14":"pa_taille-taille-unique-2","15":"pa_taille-xl-42-fr-2","16":"pa_taille-xs-34-2","18":"first","19":"instock","20":"taxable","21":"shipping-taxable","22":"purchasable","23":"product-type-variable"},"_links":{"self":[{"href":"https:\/\/maisoncleo.com\/fr\/wp-json\/wp\/v2\/product\/368051","targetHints":{"allow":["GET"]}}],"collection":[{"href":"https:\/\/maisoncleo.com\/fr\/wp-json\/wp\/v2\/product"}],"about":[{"href":"https:\/\/maisoncleo.com\/fr\/wp-json\/wp\/v2\/types\/product"}],"version-history":[{"count":1,"href":"https:\/\/maisoncleo.com\/fr\/wp-json\/wp\/v2\/product\/368051\/revisions"}],"predecessor-version":[{"id":368136,"href":"https:\/\/maisoncleo.com\/fr\/wp-json\/wp\/v2\/product\/368051\/revisions\/368136"}],"wp:featuredmedia":[{"embeddable":true,"href":"https:\/\/maisoncleo.com\/fr\/wp-json\/wp\/v2\/media\/355540"}],"wp:attachment":[{"href":"https:\/\/maisoncleo.com\/fr\/wp-json\/wp\/v2\/media?parent=368051"}],"wp:term":[{"taxonomy":"product_brand","embeddable":true,"href":"https:\/\/maisoncleo.com\/fr\/wp-json\/wp\/v2\/product_brand?post=368051"},{"taxonomy":"product_cat","embeddable":true,"href":"https:\/\/maisoncleo.com\/fr\/wp-json\/wp\/v2\/product_cat?post=368051"},{"taxonomy":"product_tag","embeddable":true,"href":"https:\/\/maisoncleo.com\/fr\/wp-json\/wp\/v2\/product_tag?post=368051"}],"curies":[{"name":"wp","href":"https:\/\/api.w.org\/{rel}","templated":true}]}}