{"id":365308,"date":"2024-09-10T03:41:19","date_gmt":"2024-09-10T15:54:43","guid":{"rendered":"https:\/\/maisoncleo.com\/\/?post_type=product&#038;p=365308"},"modified":"2024-09-10T21:18:28","modified_gmt":"2024-09-10T19:18:28","slug":"coup-de-foudre-defile-look-13-robe-courte-ceinturee-en-laine-grise-a-rayures-seconde-version","status":"publish","type":"product","link":"https:\/\/maisoncleo.com\/fr\/shop\/coup-de-foudre-defile-look-13-robe-courte-ceinturee-en-laine-grise-a-rayures-seconde-version\/","title":{"rendered":"COUP DE FOUDRE d\u00e9fil\u00e9 LOOK 13 &#8211; Robe courte ceintur\u00e9e en laine grise \u00e0 rayures seconde version"},"content":{"rendered":"<p>Robe courte ceintur\u00e9e en laine grise \u00e0 rayures, deuxi\u00e8me version dans un autre tissu de laine plus \u00e9paisse, port\u00e9e par Marie le jour du d\u00e9fil\u00e9.<\/p>\n<p>Col en forme de c\u0153ur, bretelles larges, dos ouvert. Fausse ceinture, boucle vintage, deux passants. Petites fentes sur le devant. Fermeture \u00e9clair sur le c\u00f4t\u00e9. Ajust\u00e9e. Tissu en laine fine m\u00e9lang\u00e9e<\/p>\n<p>Nous avons besoin de deux heures pour faire une robe. Nous pouvons faire 14 robes dans ce tissu.<\/p>\n<p>LOOK 14 de notre d\u00e9fil\u00e9 \u201cCoup de foudre\u201d de mars 2023.<\/p>\n<p>Longueur \u00e0 plat: 78 cm. Encolure: 24 cm. Fentes: 10 cm.<\/p>\n<p>La mod\u00e8le mesure 1m71 et porte une taille S-36.<\/p>\n","protected":false},"excerpt":{"rendered":"<p>Robe courte ceintur\u00e9e en laine grise \u00e0 rayures, deuxi\u00e8me version dans un autre tissu de laine plus \u00e9paisse, port\u00e9e par Marie le&hellip;<\/p>\n","protected":false},"featured_media":348704,"template":"","meta":[],"product_brand":[],"product_cat":[667,664,661],"product_tag":[],"class_list":{"0":"post-365308","1":"product","2":"type-product","3":"status-publish","4":"has-post-thumbnail","6":"product_cat-dernieres-pieces","7":"product_cat-robes","8":"product_cat-tout-voir","9":"pa_taille-l-40-2","10":"pa_taille-m-38-2","11":"pa_taille-s-36-2","12":"pa_taille-sur-mesure-fr-2","13":"pa_taille-xl-42-fr-2","14":"pa_taille-xs-34-2","16":"first","17":"instock","18":"taxable","19":"shipping-taxable","20":"purchasable","21":"product-type-variable"},"_links":{"self":[{"href":"https:\/\/maisoncleo.com\/fr\/wp-json\/wp\/v2\/product\/365308","targetHints":{"allow":["GET"]}}],"collection":[{"href":"https:\/\/maisoncleo.com\/fr\/wp-json\/wp\/v2\/product"}],"about":[{"href":"https:\/\/maisoncleo.com\/fr\/wp-json\/wp\/v2\/types\/product"}],"version-history":[{"count":1,"href":"https:\/\/maisoncleo.com\/fr\/wp-json\/wp\/v2\/product\/365308\/revisions"}],"predecessor-version":[{"id":365334,"href":"https:\/\/maisoncleo.com\/fr\/wp-json\/wp\/v2\/product\/365308\/revisions\/365334"}],"wp:featuredmedia":[{"embeddable":true,"href":"https:\/\/maisoncleo.com\/fr\/wp-json\/wp\/v2\/media\/348704"}],"wp:attachment":[{"href":"https:\/\/maisoncleo.com\/fr\/wp-json\/wp\/v2\/media?parent=365308"}],"wp:term":[{"taxonomy":"product_brand","embeddable":true,"href":"https:\/\/maisoncleo.com\/fr\/wp-json\/wp\/v2\/product_brand?post=365308"},{"taxonomy":"product_cat","embeddable":true,"href":"https:\/\/maisoncleo.com\/fr\/wp-json\/wp\/v2\/product_cat?post=365308"},{"taxonomy":"product_tag","embeddable":true,"href":"https:\/\/maisoncleo.com\/fr\/wp-json\/wp\/v2\/product_tag?post=365308"}],"curies":[{"name":"wp","href":"https:\/\/api.w.org\/{rel}","templated":true}]}}