{"id":360977,"date":"2024-09-09T22:08:45","date_gmt":"2024-09-10T13:33:03","guid":{"rendered":"https:\/\/maisoncleo.com\/\/?post_type=product&#038;p=360977"},"modified":"2024-09-10T21:09:41","modified_gmt":"2024-09-10T19:09:41","slug":"veste-en-laine-a-carreaux-verts-plaid-oana","status":"publish","type":"product","link":"https:\/\/maisoncleo.com\/fr\/shop\/veste-en-laine-a-carreaux-verts-plaid-oana\/","title":{"rendered":"Veste en laine \u00e0 carreaux verts plaid OANA"},"content":{"rendered":"<p>Veste en laine \u00e0 carreaux verts, blancs, rouges et marrons. Fabriqu\u00e9e dans un lainage limit\u00e9, double col pointu, boutons noirs uniques vintage en velours, coupe oversize. Deux poches sur le devant. Non doubl\u00e9e.<\/p>\n<p>La mod\u00e8le mesure 1m71.<\/p>\n","protected":false},"excerpt":{"rendered":"<p>Veste en laine \u00e0 carreaux verts, blancs, rouges et marrons. Fabriqu\u00e9e dans un lainage limit\u00e9, double col pointu, boutons noirs uniques vintage&hellip;<\/p>\n","protected":false},"featured_media":340364,"template":"","meta":[],"product_brand":[],"product_cat":[667,665],"product_tag":[],"class_list":{"0":"post-360977","1":"product","2":"type-product","3":"status-publish","4":"has-post-thumbnail","6":"product_cat-dernieres-pieces","7":"product_cat-vestes-manteaux","8":"pa_taille-l-40-2","9":"pa_taille-m-38-2","10":"pa_taille-s-36-2","11":"pa_taille-sur-mesure-fr-2","12":"pa_taille-xl-42-fr-2","13":"pa_taille-xs-34-2","15":"first","16":"outofstock","17":"taxable","18":"shipping-taxable","19":"purchasable","20":"product-type-variable"},"_links":{"self":[{"href":"https:\/\/maisoncleo.com\/fr\/wp-json\/wp\/v2\/product\/360977","targetHints":{"allow":["GET"]}}],"collection":[{"href":"https:\/\/maisoncleo.com\/fr\/wp-json\/wp\/v2\/product"}],"about":[{"href":"https:\/\/maisoncleo.com\/fr\/wp-json\/wp\/v2\/types\/product"}],"version-history":[{"count":1,"href":"https:\/\/maisoncleo.com\/fr\/wp-json\/wp\/v2\/product\/360977\/revisions"}],"predecessor-version":[{"id":361148,"href":"https:\/\/maisoncleo.com\/fr\/wp-json\/wp\/v2\/product\/360977\/revisions\/361148"}],"wp:featuredmedia":[{"embeddable":true,"href":"https:\/\/maisoncleo.com\/fr\/wp-json\/wp\/v2\/media\/340364"}],"wp:attachment":[{"href":"https:\/\/maisoncleo.com\/fr\/wp-json\/wp\/v2\/media?parent=360977"}],"wp:term":[{"taxonomy":"product_brand","embeddable":true,"href":"https:\/\/maisoncleo.com\/fr\/wp-json\/wp\/v2\/product_brand?post=360977"},{"taxonomy":"product_cat","embeddable":true,"href":"https:\/\/maisoncleo.com\/fr\/wp-json\/wp\/v2\/product_cat?post=360977"},{"taxonomy":"product_tag","embeddable":true,"href":"https:\/\/maisoncleo.com\/fr\/wp-json\/wp\/v2\/product_tag?post=360977"}],"curies":[{"name":"wp","href":"https:\/\/api.w.org\/{rel}","templated":true}]}}