{"id":360183,"date":"2024-09-09T21:02:06","date_gmt":"2024-09-10T13:07:16","guid":{"rendered":"https:\/\/maisoncleo.com\/\/?post_type=product&#038;p=360183"},"modified":"2025-05-04T17:27:22","modified_gmt":"2025-05-04T15:27:22","slug":"robe-tricotee-en-coton-organique-noir-chloe","status":"publish","type":"product","link":"https:\/\/maisoncleo.com\/fr\/shop\/robe-tricotee-en-coton-organique-noir-chloe\/","title":{"rendered":"Robe tricot\u00e9e en coton organique noir CHLOE"},"content":{"rendered":"<p>Robe tricot\u00e9e en coton organique noir. D\u00e9licieusement faite avec un travail de d\u00e9tails dans le bas de la robe, assym\u00e9trique, l\u00e9g\u00e8rement plus long derri\u00e8re que devant, deux bretelles. Chlo\u00e9 met 2,5 heures pour en tricoter une! Litt\u00e9ralement la robe \u00e0 porter pour toutes les occasions cet automne!<\/p>\n","protected":false},"excerpt":{"rendered":"<p>Robe tricot\u00e9e en coton organique noir. D\u00e9licieusement faite avec un travail de d\u00e9tails dans le bas de la robe, assym\u00e9trique, l\u00e9g\u00e8rement plus&hellip;<\/p>\n","protected":false},"featured_media":339793,"template":"","meta":[],"product_brand":[],"product_cat":[662,667,666,664],"product_tag":[],"class_list":{"0":"post-360183","1":"product","2":"type-product","3":"status-publish","4":"has-post-thumbnail","6":"product_cat-basiques","7":"product_cat-dernieres-pieces","8":"product_cat-mailles","9":"product_cat-robes","10":"pa_taille-l-40-2","11":"pa_taille-m-38-2","12":"pa_taille-s-36-2","13":"pa_taille-sur-mesure-fr-2","14":"pa_taille-xl-42-fr-2","15":"pa_taille-xs-34-2","17":"first","18":"instock","19":"taxable","20":"shipping-taxable","21":"purchasable","22":"product-type-variable"},"_links":{"self":[{"href":"https:\/\/maisoncleo.com\/fr\/wp-json\/wp\/v2\/product\/360183","targetHints":{"allow":["GET"]}}],"collection":[{"href":"https:\/\/maisoncleo.com\/fr\/wp-json\/wp\/v2\/product"}],"about":[{"href":"https:\/\/maisoncleo.com\/fr\/wp-json\/wp\/v2\/types\/product"}],"version-history":[{"count":1,"href":"https:\/\/maisoncleo.com\/fr\/wp-json\/wp\/v2\/product\/360183\/revisions"}],"predecessor-version":[{"id":360829,"href":"https:\/\/maisoncleo.com\/fr\/wp-json\/wp\/v2\/product\/360183\/revisions\/360829"}],"wp:featuredmedia":[{"embeddable":true,"href":"https:\/\/maisoncleo.com\/fr\/wp-json\/wp\/v2\/media\/339793"}],"wp:attachment":[{"href":"https:\/\/maisoncleo.com\/fr\/wp-json\/wp\/v2\/media?parent=360183"}],"wp:term":[{"taxonomy":"product_brand","embeddable":true,"href":"https:\/\/maisoncleo.com\/fr\/wp-json\/wp\/v2\/product_brand?post=360183"},{"taxonomy":"product_cat","embeddable":true,"href":"https:\/\/maisoncleo.com\/fr\/wp-json\/wp\/v2\/product_cat?post=360183"},{"taxonomy":"product_tag","embeddable":true,"href":"https:\/\/maisoncleo.com\/fr\/wp-json\/wp\/v2\/product_tag?post=360183"}],"curies":[{"name":"wp","href":"https:\/\/api.w.org\/{rel}","templated":true}]}}