{"id":359678,"date":"2024-09-09T20:24:27","date_gmt":"2024-09-10T12:43:11","guid":{"rendered":"https:\/\/maisoncleo.com\/\/?post_type=product&#038;p=359678"},"modified":"2024-09-10T21:07:52","modified_gmt":"2024-09-10T19:07:52","slug":"pantalon-en-coton-biologique-cotele-tricote-teresa","status":"publish","type":"product","link":"https:\/\/maisoncleo.com\/fr\/shop\/pantalon-en-coton-biologique-cotele-tricote-teresa\/","title":{"rendered":"Pantalon en coton biologique c\u00f4tel\u00e9 tricot\u00e9 TERESA"},"content":{"rendered":"<p id=\"tw-target-text\" class=\"tw-data-text tw-text-large XcVN5d tw-ta\" dir=\"ltr\" data-placeholder=\"Traduction\"><span lang=\"fr\">Notre premier pantalon! Fait \u00e0 la main par nos tricoteuses dans notre atelier. Ajust\u00e9 \u00e0 la taille par une large ceinture \u00e9lastique, jambes l\u00e9g\u00e8rement \u00e9vas\u00e9es, d\u00e9coupe autour de la taille. Pour le printemps, il a \u00e9t\u00e9 confectionn\u00e9 dans un fil 100% coton biologique. Tr\u00e8s doux et confortable \u00e0 porter. Notre incontournable &lt;3<\/span><\/p>\n<p dir=\"ltr\" data-placeholder=\"Traduction\">La mod\u00e8le mesure 1m80.<\/p>\n","protected":false},"excerpt":{"rendered":"<p>Notre premier pantalon! Fait \u00e0 la main par nos tricoteuses dans notre atelier. Ajust\u00e9 \u00e0 la taille par une large ceinture \u00e9lastique,&hellip;<\/p>\n","protected":false},"featured_media":338245,"template":"","meta":[],"product_brand":[],"product_cat":[667,666,675,661],"product_tag":[],"class_list":{"0":"post-359678","1":"product","2":"type-product","3":"status-publish","4":"has-post-thumbnail","6":"product_cat-dernieres-pieces","7":"product_cat-mailles","8":"product_cat-pantalons-shorts","9":"product_cat-tout-voir","10":"pa_taille-l-40-2","11":"pa_taille-m-38-2","12":"pa_taille-s-36-2","13":"pa_taille-sur-mesure-fr-2","14":"pa_taille-xl-42-fr-2","15":"pa_taille-xs-34-2","17":"first","18":"outofstock","19":"taxable","20":"shipping-taxable","21":"purchasable","22":"product-type-variable"},"_links":{"self":[{"href":"https:\/\/maisoncleo.com\/fr\/wp-json\/wp\/v2\/product\/359678","targetHints":{"allow":["GET"]}}],"collection":[{"href":"https:\/\/maisoncleo.com\/fr\/wp-json\/wp\/v2\/product"}],"about":[{"href":"https:\/\/maisoncleo.com\/fr\/wp-json\/wp\/v2\/types\/product"}],"version-history":[{"count":1,"href":"https:\/\/maisoncleo.com\/fr\/wp-json\/wp\/v2\/product\/359678\/revisions"}],"predecessor-version":[{"id":360013,"href":"https:\/\/maisoncleo.com\/fr\/wp-json\/wp\/v2\/product\/359678\/revisions\/360013"}],"wp:featuredmedia":[{"embeddable":true,"href":"https:\/\/maisoncleo.com\/fr\/wp-json\/wp\/v2\/media\/338245"}],"wp:attachment":[{"href":"https:\/\/maisoncleo.com\/fr\/wp-json\/wp\/v2\/media?parent=359678"}],"wp:term":[{"taxonomy":"product_brand","embeddable":true,"href":"https:\/\/maisoncleo.com\/fr\/wp-json\/wp\/v2\/product_brand?post=359678"},{"taxonomy":"product_cat","embeddable":true,"href":"https:\/\/maisoncleo.com\/fr\/wp-json\/wp\/v2\/product_cat?post=359678"},{"taxonomy":"product_tag","embeddable":true,"href":"https:\/\/maisoncleo.com\/fr\/wp-json\/wp\/v2\/product_tag?post=359678"}],"curies":[{"name":"wp","href":"https:\/\/api.w.org\/{rel}","templated":true}]}}